{"id":1593,"date":"2025-02-15T11:17:16","date_gmt":"2025-02-15T10:17:16","guid":{"rendered":"http:\/\/delphinelermite.com\/?page_id=1593"},"modified":"2025-02-15T11:17:16","modified_gmt":"2025-02-15T10:17:16","slug":"cv","status":"publish","type":"page","link":"http:\/\/delphinelermite.com\/?page_id=1593","title":{"rendered":"CV"},"content":{"rendered":"<h2 class=\"wp-block-heading\">Expositions | R\u00e9sidences | Bourses<\/h2>\n<p><strong>2021<\/strong><br \/>\n\u2022 \u00ab\u00a0Heterotopia\u00a0\u00bb<br \/>\nPRAC, Bourse d&rsquo;aide \u00e0 la Cr\u00e9ation &#8211; R\u00e9gion Hauts de France<br \/>\n\u2022 \u00ab\u00a0The black box journey\u00a0\u00bb<br \/>\nR\u00e9sidence | Performance [Photographie * St\u00e9nop\u00e9], The Largo Space, Peniche, Portugal<\/p>\n<p><strong>2020<\/strong><br \/>\n\u2022 \u00ab\u00a0Tudomar\u00a0\u00bb<br \/>\nPerformance photographique &#8211; The Largo Project * The Window Next Door &#8211; Peniche, Portugal<\/p>\n<p><strong>2019<\/strong><br \/>\n\u2022 \u00ab\u00a0Lingua Lapides\u00a0\u00bb<br \/>\nAIC, Aide Individuelle \u00e0 la Cr\u00e9ation &#8211; DRAC Hauts de France<br \/>\n\u2022 <a href=\"http:\/\/delphinelermite.com\/?page_id=692\">\u00ab\u00a0Histoire(s) de l&rsquo;\u0153il\u00a0\u00bb<\/a> [<a href=\"https:\/\/culture.univ-lille.fr\/agenda\/residence-airlab-2024-2025\/\" target=\"_blank\" rel=\"noopener\">R\u00e9sidence de cr\u00e9ation ComUE LNF \u00ab\u00a0RLab (AirLab), Artiste en laboratoire\u00a0\u00bb<\/a>]<br \/>\n<a href=\"https:\/\/www.amiens.fr\/Vivre-a-Amiens\/Culture-Patrimoine\/Etablissements-culturels\/Le-Safran\/Les-Safra-Numeriques\" target=\"_blank\" rel=\"noopener\">Les Safra&rsquo;Num\u00e9riques, Le Safran, Amiens<\/a>.<\/p>\n<p><strong>2018<\/strong><br \/>\n\u2022 <a href=\"http:\/\/delphinelermite.com\/?page_id=692\">\u00ab\u00a0Histoire(s) de l&rsquo;\u0153il\u00a0\u00bb<\/a><br \/>\n&#8211; FOOR, Forum Ouvert \u0152uvres et Recherches, Le Fresnoy Studio national d&rsquo;arts contemporains, Tourcoing ;<br \/>\n&#8211; Espace crois\u00e9, Centre d&rsquo;art contemporain, Roubaix ;<br \/>\n&#8211; Espace Culture &#8211; Cit\u00e9 Scientifique, Villeneuve d&rsquo;Ascq.<br \/>\n\u2022 <a href=\"http:\/\/delphinelermite.com\/?page_id=696\">\u00ab\u00a0IN SITU \/ IN VISU <em>(ICI &amp; L\u00c0)<\/em>\u00ab\u00a0<\/a>, Le CIAC, Bourbourg<br \/>\n[R\u00e9sidence de cr\u00e9ation \u00ab\u00a0L&rsquo;Art dans la ville #2\u00a0\u00bb]<\/p>\n<p><strong>2017<\/strong><br \/>\n\u2022 <a href=\"http:\/\/delphinelermite.com\/?page_id=699\">\u00ab\u00a0N\u00e9oplasie\u00a0\u00bb<\/a>, La s\u00e9cu, Espace d\u2019Art contemporain, Lille (expo coll.)<br \/>\n\u2022 <a href=\"http:\/\/delphinelermite.com\/?page_id=702\">\u00ab\u00a0La Mutta Eloquenza\u00a0\u00bb<\/a>, La s\u00e9cu, Espace d\u2019Art contemporain, Lille (expo coll.)<\/p>\n<p><strong>2015<\/strong><br \/>\n\u2022 <a href=\"http:\/\/delphinelermite.com\/?page_id=705\">\u00ab\u00a0Rien n\u2019aura eu lieu\u00a0\u00bb<\/a>, La s\u00e9cu, Espace d\u2019Art contemporain, Lille<br \/>\n\u2022 \u00ab\u00a0Par quel biais les voir ?\u00a0\u00bb, INSA, Biblioth\u00e8que Marie Curie, Lyon<\/p>\n<p><strong>2014<\/strong><br \/>\n\u2022 \u00ab\u00a0Trait pour trait. Fiction pour un r\u00e9el recompos\u00e9\u00a0\u00bb, Arras<br \/>\n[R\u00e9sidence d\u2019artiste DRAC\/ARS, Culture \u00e0 l\u2019h\u00f4pital]<br \/>\n\u2022 <a href=\"https:\/\/www.instagram.com\/centpourcent_apv\/?hl=fr\" target=\"_blank\" rel=\"noopener\">\u00ab\u00a0100% APV\u00a0\u00bb<\/a>, Galerie Commune, Universit\u00e9 Lille &#8211; es\u00e4 Tourcoing (expo coll.)<br \/>\n\u2022 <a href=\"http:\/\/delphinelermite.com\/?page_id=708\" target=\"_blank\" rel=\"noopener\">\u00ab\u00a0Par quel biais les voir ?\u00a0\u00bb<\/a>, Universit\u00e9 Catholique, Centre culturel, Lille<\/p>\n<p><strong>2012<\/strong><br \/>\n\u2022 \u00ab\u00a0N\u00e9oplasie\u00a0\u00bb, POAA , Agence Light Motiv, La Madeleine (expo coll.)<\/p>\n<p><strong>2011<\/strong><br \/>\n\u2022 \u00ab\u00a0Roubaix, Fragments pour une cartographie\u00a0\u00bb, Transphotographiques, Palais Rameau, Lille (expo coll.)<\/p>\n<p><strong>2008<\/strong><br \/>\n\u2022 \u00ab\u00a0D\u00e9ambulation\u00a0\u00bb, POCTB, Orl\u00e9ans<\/p>\n<p><strong>2007<\/strong><br \/>\n\u2022 \u00ab\u00a0TEMPLUM\u00a0\u00bb, Mulhouse 007, Rencontre Internationale d\u2019Art Contemporain, Mulhouse (expo coll.)<br \/>\n\u2022 <a href=\"http:\/\/delphinelermite.com\/?page_id=711\" target=\"_blank\" rel=\"noopener\">\u00ab\u00a0Duels\u00a0\u00bb<\/a>, FRAC PACA, Marseille (expo coll.)<\/p>\n<p><strong>2006<\/strong><br \/>\n\u2022 <a href=\"http:\/\/delphinelermite.com\/?page_id=713\" target=\"_blank\" rel=\"noopener\">\u00ab\u00a02&#215;10\u00a0\u00bb<\/a>, Forum de l&rsquo;Innovation Culturelle, Espace Van-Gogh, Arles (expo coll.)<br \/>\n\u2022 \u00ab\u00a0Constellation\u00a0\u00bb, WIP, Festival off, Arles (expo coll.)<br \/>\n\u2022 Pr\u00e9sentation du travail \u00ab\u00a0Roubaix, Fragments pour une cartographie\u00a0\u00bb par Jean-Christophe Bailly, <a href=\"https:\/\/www.centrepompidou.fr\/fr\/programme\/agenda\/evenement\/cxdpAM\" target=\"_blank\" rel=\"noopener\">\u00ab\u00a0Revues parl\u00e9es\u00a0\u00bb du Centre Georges Pompidou &#8211; Beaubourg, Paris<\/a><\/p>\n<p><strong>2005<\/strong><br \/>\n\u2022 \u00ab\u00a0Roubaix, Fragments pour une cartographie\u00a0\u00bb, H\u00f4tel de ville, Roubaix<\/p>\n<p><strong>2004<\/strong><br \/>\n\u2022 \u00ab\u00a0One off way in Cairo\u00a0\u00bb, Galerie Maschrabia, Le Caire, \u00c9gypte<br \/>\n\u2022 \u00ab\u00a0Alexandrie &#8211; Cartes Postales\u00a0\u00bb, Centre Culturel Fran\u00e7ais, Alexandrie, \u00c9gypte<\/p>\n<hr \/>\n<h2>Dipl\u00f4mes<\/h2>\n<p><strong>2024<\/strong><br data-rich-text-line-break=\"true\" \/>\u2022 LP M\u00e9tiers de l&rsquo;information : archives, m\u00e9diation et patrimoine, <span class=\"ulcof__choose-parcours__current\">Parcours Gestion et \u00e9dition de fonds photographiques et audiovisuels<\/span>, Universit\u00e9 Lille <em>Mention B<\/em><\/p>\n<p><strong>2014<\/strong><br data-rich-text-line-break=\"true\" \/>\u2022 Master 1 Recherche, mention Arts plastiques et visuels, CEAC, Universit\u00e9 Lille &#8211; es\u00e4 Tourcoing <em>Mention TB<\/em><br data-rich-text-line-break=\"true\" \/>\u2022 Certification en Arts Plastiques <em>[9e place]<\/em><br data-rich-text-line-break=\"true\" \/><br data-rich-text-line-break=\"true\" \/><strong>2006<\/strong><br data-rich-text-line-break=\"true\" \/>\u2022 Master de photographie, ENSP Arles, <em>avec les f\u00e9licitations du jury<\/em><br data-rich-text-line-break=\"true\" \/><br data-rich-text-line-break=\"true\" \/><strong>1996<\/strong><br data-rich-text-line-break=\"true\" \/>\u2022 DNSEP, EESAB Rennes, <em>avec les f\u00e9licitations du jury<\/em><\/p>\n<hr \/>\n<h2>Activit\u00e9s professionnelles<\/h2>\n<p>\u2022 Monteuse cin\u00e9ma, fictions et documentaires (<a href=\"http:\/\/www.imdb.com\/name\/nm1385989\/\" target=\"_blank\" rel=\"noreferrer noopener\">imdb.com<\/a>), <strong>1996-2003<\/strong><br \/>\n\u2022 Auteure photographe, depuis <strong>2006<\/strong><br \/>\n\u2022 Professeure de Culture Audiovisuelle et Artistique, BTS MAV Jean Rostand, Roubaix, depuis <strong>2015<\/strong><br \/>\n\u2022 Enseignante vacataire, Images et sciences humaines, Universit\u00e9 Lille, depuis <strong>2017<\/strong><br \/>\n\u2022 Professeure de Culture Photographique et visuelle, BTS Photo Jean Rostand, Roubaix, depuis <strong>2020<\/strong><\/p>\n","protected":false},"excerpt":{"rendered":"<p>Expositions | R\u00e9sidences | Bourses 2021 \u2022 \u00ab\u00a0Heterotopia\u00a0\u00bb PRAC, Bourse d&rsquo;aide \u00e0 la Cr\u00e9ation &#8211; R\u00e9gion Hauts de France \u2022 \u00ab\u00a0The black box journey\u00a0\u00bb R\u00e9sidence | Performance [Photographie * St\u00e9nop\u00e9], The Largo Space, Peniche, Portugal 2020 \u2022 \u00ab\u00a0Tudomar\u00a0\u00bb Performance photographique &#8211; The Largo Project * The Window Next Door &#8211; Peniche, Portugal 2019 \u2022 \u00ab\u00a0Lingua&hellip; <\/p>\n","protected":false},"author":1,"featured_media":0,"parent":12,"menu_order":0,"comment_status":"closed","ping_status":"closed","template":"","meta":{"footnotes":""},"class_list":["post-1593","page","type-page","status-publish","hentry"],"_links":{"self":[{"href":"http:\/\/delphinelermite.com\/index.php?rest_route=\/wp\/v2\/pages\/1593","targetHints":{"allow":["GET"]}}],"collection":[{"href":"http:\/\/delphinelermite.com\/index.php?rest_route=\/wp\/v2\/pages"}],"about":[{"href":"http:\/\/delphinelermite.com\/index.php?rest_route=\/wp\/v2\/types\/page"}],"author":[{"embeddable":true,"href":"http:\/\/delphinelermite.com\/index.php?rest_route=\/wp\/v2\/users\/1"}],"replies":[{"embeddable":true,"href":"http:\/\/delphinelermite.com\/index.php?rest_route=%2Fwp%2Fv2%2Fcomments&post=1593"}],"version-history":[{"count":1,"href":"http:\/\/delphinelermite.com\/index.php?rest_route=\/wp\/v2\/pages\/1593\/revisions"}],"predecessor-version":[{"id":1594,"href":"http:\/\/delphinelermite.com\/index.php?rest_route=\/wp\/v2\/pages\/1593\/revisions\/1594"}],"up":[{"embeddable":true,"href":"http:\/\/delphinelermite.com\/index.php?rest_route=\/wp\/v2\/pages\/12"}],"wp:attachment":[{"href":"http:\/\/delphinelermite.com\/index.php?rest_route=%2Fwp%2Fv2%2Fmedia&parent=1593"}],"curies":[{"name":"wp","href":"https:\/\/api.w.org\/{rel}","templated":true}]}}